{"id":69060,"date":"2025-07-11T12:36:54","date_gmt":"2025-07-11T12:36:54","guid":{"rendered":"https:\/\/www.alexandracpsicologa.com\/alexandra-carol-psicologa\/"},"modified":"2026-04-07T23:21:02","modified_gmt":"2026-04-07T23:21:02","slug":"alexandra-carol-psicologa","status":"publish","type":"page","link":"https:\/\/www.alexandracpsicologa.com\/ca\/alexandra-carol-psicologa\/","title":{"rendered":"Psic\u00f2loga a Sant Cugat del Vall\u00e8s"},"content":{"rendered":"\t\t<div data-elementor-type=\"wp-page\" data-elementor-id=\"69060\" class=\"elementor elementor-69060 elementor-68860\" data-elementor-post-type=\"page\">\n\t\t\t\t\t\t<section class=\"elementor-section-with-custom-width elementor-section elementor-top-section elementor-element elementor-element-1f7bca5 elementor-section-height-min-height elementor-section-items-stretch elementor-section-boxed elementor-section-height-default sc_fly_static\" data-id=\"1f7bca5\" data-element_type=\"section\" data-e-type=\"section\">\n\t\t\t\t\t\t<div class=\"elementor-container elementor-column-gap-extended\">\n\t\t\t\t\t<div class=\"elementor-column elementor-col-50 elementor-top-column elementor-element elementor-element-cb7fc82 sc_content_align_inherit sc_layouts_column_icons_position_left sc_fly_static\" data-id=\"cb7fc82\" data-element_type=\"column\" data-e-type=\"column\">\n\t\t\t<div class=\"elementor-widget-wrap elementor-element-populated\">\n\t\t\t\t\t\t<div class=\"elementor-element elementor-element-6ed2cb7 no-title elementor-widget__width-initial sc_fly_static elementor-widget elementor-widget-image\" data-id=\"6ed2cb7\" data-element_type=\"widget\" data-e-type=\"widget\" data-widget_type=\"image.default\">\n\t\t\t\t\t\t\t\t\t\t\t\t\t\t\t<img fetchpriority=\"high\" decoding=\"async\" width=\"520\" height=\"700\" src=\"https:\/\/www.alexandracpsicologa.com\/wp-content\/uploads\/2026\/01\/Alexandra-Carol-Psicologa.jpg\" class=\"attachment-full size-full wp-image-69302\" alt=\"Alexandra Carol Oller  Psic\u00f2loga General Sanit\u00e0ria col\u00b7legiada 26612 a Sant Cugat\" srcset=\"https:\/\/www.alexandracpsicologa.com\/wp-content\/uploads\/2026\/01\/Alexandra-Carol-Psicologa.jpg 520w, https:\/\/www.alexandracpsicologa.com\/wp-content\/uploads\/2026\/01\/Alexandra-Carol-Psicologa-223x300.jpg 223w, https:\/\/www.alexandracpsicologa.com\/wp-content\/uploads\/2026\/01\/Alexandra-Carol-Psicologa-370x498.jpg 370w, https:\/\/www.alexandracpsicologa.com\/wp-content\/uploads\/2026\/01\/Alexandra-Carol-Psicologa-410x552.jpg 410w\" sizes=\"(max-width: 600px) 100vw, 520px\">\t\t\t\t\t\t\t\t\t\t\t\t\t\t\t<\/div>\n\t\t\t\t\t<\/div>\n\t\t<\/div>\n\t\t\t\t<div data-animation-type=\"block\" class=\"elementor-column elementor-col-50 elementor-top-column elementor-element elementor-element-d07e88e sc_content_align_inherit sc_layouts_column_icons_position_left sc_fly_static\" data-id=\"d07e88e\" data-element_type=\"column\" data-e-type=\"column\" data-settings=\"{&quot;animation&quot;:&quot;none&quot;,&quot;animation_delay&quot;:100}\">\n\t\t\t<div class=\"elementor-widget-wrap elementor-element-populated\">\n\t\t\t\t\t\t<div class=\"elementor-element elementor-element-0ae0b3c sc_fly_static elementor-widget elementor-widget-heading\" data-id=\"0ae0b3c\" data-element_type=\"widget\" data-e-type=\"widget\" data-settings=\"{&quot;_animation_mobile&quot;:&quot;none&quot;}\" data-widget_type=\"heading.default\">\n\t\t\t\t\t<h2 class=\"elementor-heading-title elementor-size-default\">Ter\u00e0pia presencial i&nbsp;online<\/h2>\t\t\t\t<\/div>\n\t\t\t\t<div class=\"elementor-element elementor-element-d2567ae sc_fly_static elementor-widget elementor-widget-spacer\" data-id=\"d2567ae\" data-element_type=\"widget\" data-e-type=\"widget\" data-widget_type=\"spacer.default\">\n\t\t\t\t\t\t\t<div class=\"elementor-spacer\">\n\t\t\t<div class=\"elementor-spacer-inner\"><\/div>\n\t\t<\/div>\n\t\t\t\t\t\t<\/div>\n\t\t\t\t<div data-animation-type=\"block\" class=\"elementor-element elementor-element-4a4ba28 elementor-widget__width-initial elementor-widget-mobile__width-initial sc_fly_static elementor-widget elementor-widget-heading\" data-id=\"4a4ba28\" data-element_type=\"widget\" data-e-type=\"widget\" data-settings=\"{&quot;_animation&quot;:&quot;none&quot;,&quot;_animation_mobile&quot;:&quot;none&quot;}\" data-widget_type=\"heading.default\">\n\t\t\t\t\t<h3 class=\"elementor-heading-title elementor-size-default\"><a href=\"https:\/\/www.copc.cat\/es\/contacte\/alexandra-carol-oller-58668\" target=\"_blank\" rel=\"noopener\">Alexandra Carol Oller | Colegiada n\u00ba 26612\n<\/a><\/h3>\t\t\t\t<\/div>\n\t\t\t\t<div class=\"elementor-element elementor-element-acb4359 sc_fly_static elementor-widget elementor-widget-spacer\" data-id=\"acb4359\" data-element_type=\"widget\" data-e-type=\"widget\" data-widget_type=\"spacer.default\">\n\t\t\t\t\t\t\t<div class=\"elementor-spacer\">\n\t\t\t<div class=\"elementor-spacer-inner\"><\/div>\n\t\t<\/div>\n\t\t\t\t\t\t<\/div>\n\t\t\t\t<div class=\"elementor-element elementor-element-d408dfa elementor-widget__width-initial elementor-widget-mobile__width-initial sc_fly_static elementor-widget elementor-widget-text-editor\" data-id=\"d408dfa\" data-element_type=\"widget\" data-e-type=\"widget\" data-widget_type=\"text-editor.default\">\n\t\t\t\t\t\t\t\t\t<p data-start=\"562\" data-end=\"729\">Si busques una <strong data-start=\"572\" data-end=\"610\">psic\u00f2loga a Sant Cugat del Vall\u00e8s<\/strong>, et puc acompanyar en un proc\u00e9s terap\u00e8utic que t&#8217;ajudi a comprendre millor el que et passa i recuperar el teu equilibri emocional.<\/p>\n<p data-start=\"736\" data-end=\"938\">S\u00f3c Alexandra, psic\u00f2loga general sanit\u00e0ria, i acompanyo persones adultes en processos d&#8217;ansietat, trauma i malestar emocional, tant a la meva consulta presencial a Sant Cugat del Vall\u00e8s com a ter\u00e0pia online.<\/p>\n<p data-start=\"945\" data-end=\"997\">Treballo especialment amb persones que conviuen amb:<\/p>\n<p data-start=\"1004\" data-end=\"1261\">\u2022 <strong>Ansietat<\/strong> o <strong>estr\u00e8s<\/strong> continuat.<br data-start=\"1034\" data-end=\"1037\">\u2022 <strong>Dols<\/strong> per p\u00e8rdues, separacions o canvis d\u201fetapa vital.<br data-start=\"1099\" data-end=\"1102\">\u2022 Moments de <strong>baixa autoestima<\/strong> o sensaci\u00f3 de desorientaci\u00f3.<br data-start=\"1163\" data-end=\"1166\">\u2022 <strong>Experi\u00e8ncies traum\u00e0tiques<\/strong>, utilitzant eines com EMDR i altres enfocaments integradors.<\/p>\n<p data-start=\"1268\" data-end=\"1358\">Tamb\u00e9 acompanyo processos de crisi vital, sensaci\u00f3 de buit o desconnexi\u00f3 amb un mateix.<\/p>\n<p data-start=\"1365\" data-end=\"1525\">La meva manera de treballar \u00e9s propera i serena. Caminem al teu ritme, des de l&#8217;escolta i&nbsp;la confian\u00e7a, donant espai a all\u00f2 que necessiti ser compr\u00e8s i transformat. <\/p>\n<p data-start=\"1532\" data-end=\"1644\">La <strong>consulta presencial a Sant Cugat<\/strong> \u00e9s un espai segur, discret i acollidor on poder comen\u00e7ar aquest <a href=\"\/proceso-terapeutico\/\">proc\u00e9s.<\/a><\/p>\n<p data-start=\"1651\" data-end=\"1746\">Tamb\u00e9 ofereixo <strong>ter\u00e0pia online <\/strong>si no et pots despla\u00e7ar o vius fora de Sant Cugat del Vall\u00e8s.<\/p>\t\t\t\t\t\t\t\t<\/div>\n\t\t\t\t<div class=\"elementor-element elementor-element-3fe087d sc_fly_static elementor-widget elementor-widget-spacer\" data-id=\"3fe087d\" data-element_type=\"widget\" data-e-type=\"widget\" data-widget_type=\"spacer.default\">\n\t\t\t\t\t\t\t<div class=\"elementor-spacer\">\n\t\t\t<div class=\"elementor-spacer-inner\"><\/div>\n\t\t<\/div>\n\t\t\t\t\t\t<\/div>\n\t\t\t\t<section class=\"elementor-section elementor-inner-section elementor-element elementor-element-d28765d elementor-section-boxed elementor-section-height-default elementor-section-height-default sc_fly_static\" data-id=\"d28765d\" data-element_type=\"section\" data-e-type=\"section\">\n\t\t\t\t\t\t<div class=\"elementor-container elementor-column-gap-no\">\n\t\t\t\t\t<div class=\"elementor-column elementor-col-100 elementor-inner-column elementor-element elementor-element-1816e52 sc_content_align_inherit sc_layouts_column_icons_position_left sc_fly_static\" data-id=\"1816e52\" data-element_type=\"column\" data-e-type=\"column\">\n\t\t\t<div class=\"elementor-widget-wrap\">\n\t\t\t\t\t\t\t<\/div>\n\t\t<\/div>\n\t\t\t\t\t<\/div>\n\t\t<\/section>\n\t\t\t\t<div class=\"elementor-element elementor-element-073760f sc_fly_static elementor-widget elementor-widget-spacer\" data-id=\"073760f\" data-element_type=\"widget\" data-e-type=\"widget\" data-widget_type=\"spacer.default\">\n\t\t\t\t\t\t\t<div class=\"elementor-spacer\">\n\t\t\t<div class=\"elementor-spacer-inner\"><\/div>\n\t\t<\/div>\n\t\t\t\t\t\t<\/div>\n\t\t\t\t\t<\/div>\n\t\t<\/div>\n\t\t\t\t\t<\/div>\n\t\t<\/section>\n\t\t\t\t<section class=\"elementor-section elementor-top-section elementor-element elementor-element-e8d983c elementor-section-boxed elementor-section-height-default elementor-section-height-default sc_fly_static\" data-id=\"e8d983c\" data-element_type=\"section\" data-e-type=\"section\" data-settings=\"{&quot;background_background&quot;:&quot;classic&quot;}\">\n\t\t\t\t\t\t<div class=\"elementor-container elementor-column-gap-extended\">\n\t\t\t\t\t<div class=\"elementor-column elementor-col-100 elementor-top-column elementor-element elementor-element-acf10ec sc_content_align_inherit sc_layouts_column_icons_position_left sc_fly_static\" data-id=\"acf10ec\" data-element_type=\"column\" data-e-type=\"column\">\n\t\t\t<div class=\"elementor-widget-wrap elementor-element-populated\">\n\t\t\t\t\t\t<div class=\"elementor-element elementor-element-22c2dac sc_fly_static elementor-widget elementor-widget-spacer\" data-id=\"22c2dac\" data-element_type=\"widget\" data-e-type=\"widget\" data-widget_type=\"spacer.default\">\n\t\t\t\t\t\t\t<div class=\"elementor-spacer\">\n\t\t\t<div class=\"elementor-spacer-inner\"><\/div>\n\t\t<\/div>\n\t\t\t\t\t\t<\/div>\n\t\t\t\t\t<\/div>\n\t\t<\/div>\n\t\t\t\t\t<\/div>\n\t\t<\/section>\n\t\t\t\t<section class=\"elementor-section elementor-top-section elementor-element elementor-element-79cb062 elementor-section-boxed elementor-section-height-default elementor-section-height-default sc_fly_static\" data-id=\"79cb062\" data-element_type=\"section\" data-e-type=\"section\">\n\t\t\t\t\t\t\t<div class=\"elementor-background-overlay\"><\/div>\n\t\t\t\t\t\t\t<div class=\"elementor-container elementor-column-gap-extended\">\n\t\t\t\t\t<div class=\"elementor-column elementor-col-100 elementor-top-column elementor-element elementor-element-6b6bbcc sc_layouts_column_align_center sc_layouts_column sc_content_align_inherit sc_layouts_column_icons_position_left sc_fly_static\" data-id=\"6b6bbcc\" data-element_type=\"column\" data-e-type=\"column\">\n\t\t\t<div class=\"elementor-widget-wrap elementor-element-populated\">\n\t\t\t\t\t\t<div class=\"elementor-element elementor-element-25ae826 sc_fly_static elementor-widget elementor-widget-spacer\" data-id=\"25ae826\" data-element_type=\"widget\" data-e-type=\"widget\" data-widget_type=\"spacer.default\">\n\t\t\t\t\t\t\t<div class=\"elementor-spacer\">\n\t\t\t<div class=\"elementor-spacer-inner\"><\/div>\n\t\t<\/div>\n\t\t\t\t\t\t<\/div>\n\t\t\t\t<div class=\"elementor-element elementor-element-6503e25 sc_fly_static elementor-widget elementor-widget-heading\" data-id=\"6503e25\" data-element_type=\"widget\" data-e-type=\"widget\" data-settings=\"{&quot;_animation_mobile&quot;:&quot;none&quot;}\" data-widget_type=\"heading.default\">\n\t\t\t\t\t<h2 class=\"elementor-heading-title elementor-size-default\">PSICOLOGIA GENERAL SANIT\u00c0RIA AMB PERSPECTIVA INTEGRADORA<\/h2>\t\t\t\t<\/div>\n\t\t\t\t<div class=\"elementor-element elementor-element-f567665 sc_fly_static elementor-widget elementor-widget-spacer\" data-id=\"f567665\" data-element_type=\"widget\" data-e-type=\"widget\" data-widget_type=\"spacer.default\">\n\t\t\t\t\t\t\t<div class=\"elementor-spacer\">\n\t\t\t<div class=\"elementor-spacer-inner\"><\/div>\n\t\t<\/div>\n\t\t\t\t\t\t<\/div>\n\t\t\t\t<div class=\"elementor-element elementor-element-1755a0b sc_fly_static elementor-widget elementor-widget-heading\" data-id=\"1755a0b\" data-element_type=\"widget\" data-e-type=\"widget\" data-settings=\"{&quot;_animation_mobile&quot;:&quot;none&quot;}\" data-widget_type=\"heading.default\">\n\t\t\t\t\t<h2 class=\"elementor-heading-title elementor-size-default\">\u00c0rees d'especialitzaci\u00f3<\/h2>\t\t\t\t<\/div>\n\t\t\t\t<div class=\"elementor-element elementor-element-726cf72 sc_fly_static elementor-widget elementor-widget-spacer\" data-id=\"726cf72\" data-element_type=\"widget\" data-e-type=\"widget\" data-widget_type=\"spacer.default\">\n\t\t\t\t\t\t\t<div class=\"elementor-spacer\">\n\t\t\t<div class=\"elementor-spacer-inner\"><\/div>\n\t\t<\/div>\n\t\t\t\t\t\t<\/div>\n\t\t\t\t<div class=\"elementor-element elementor-element-1793aec elementor-widget__width-initial elementor-widget-mobile__width-initial sc_fly_static elementor-widget elementor-widget-text-editor\" data-id=\"1793aec\" data-element_type=\"widget\" data-e-type=\"widget\" data-widget_type=\"text-editor.default\">\n\t\t\t\t\t\t\t\t\t<p data-start=\"562\" data-end=\"729\">Acompa\u00f1o procesos terap\u00e9uticos relacionados con ansiedad, trauma, estado de \u00e1nimo y otras dificultades emocionales en mi consulta de psicolog\u00eda en Sant Cugat del Vall\u00e8s y tambi\u00e9n en terapia online.<\/p>\t\t\t\t\t\t\t\t<\/div>\n\t\t\t\t<div class=\"elementor-element elementor-element-ad2e261 sc_fly_static elementor-widget elementor-widget-spacer\" data-id=\"ad2e261\" data-element_type=\"widget\" data-e-type=\"widget\" data-widget_type=\"spacer.default\">\n\t\t\t\t\t\t\t<div class=\"elementor-spacer\">\n\t\t\t<div class=\"elementor-spacer-inner\"><\/div>\n\t\t<\/div>\n\t\t\t\t\t\t<\/div>\n\t\t\t\t<div data-animation-type=\"sequental\" data-animation-stagger=\"\" class=\"elementor-element elementor-element-a29cf58 scheme_default sc_fly_static elementor-widget elementor-widget-trx_sc_icons\" data-id=\"a29cf58\" data-element_type=\"widget\" data-e-type=\"widget\" data-settings=\"{&quot;_animation&quot;:&quot;none&quot;,&quot;_animation_delay&quot;:100}\" data-widget_type=\"trx_sc_icons.default\">\n\t\t\t\t<div class=\"elementor-widget-container\">\n\t\t\t\t\t<div \tclass=\"sc_icons scheme_default sc_icons_accent sc_icons_size_medium sc_align_center\" ><div class=\"sc_icons_columns_wrap sc_item_columns trx_addons_columns_wrap columns_padding_bottom\" ><div class=\"trx_addons_column-1_4 trx_addons_column-1_2-tablet\"><div class=\"sc_icons_item sc_icons_item_linked\"><div class=\"sc_icons_icon sc_icon_type_ icon-new-sr-icon-6\" ><span class=\"sc_icon_type_ icon-new-sr-icon-6\"><\/span><\/div><div class=\"sc_icons_item_details\"><h4 class=\"sc_icons_item_title\"><a href=\"https:\/\/www.alexandracpsicologa.com\/ca\/terapia-per-a-lansietat-a-sant-cugat-i-online\/\">\r\n                                    Ansietat                                    <\/a><\/h4><div class=\"sc_icons_item_description\"><span>Acompanyo processos d'ansietat, constant preocupaci\u00f3 o sensaci\u00f3 de desbordament emocional.<\/span><\/div><a href=\"https:\/\/www.alexandracpsicologa.com\/ca\/terapia-per-a-lansietat-a-sant-cugat-i-online\/\" class=\"sc_icons_item_link\">\r\n                        <\/a><\/div><\/div><\/div><div class=\"trx_addons_column-1_4 trx_addons_column-1_2-tablet\"><div class=\"sc_icons_item sc_icons_item_linked\"><div class=\"sc_icons_icon sc_icon_type_ icon-new-sr-icon-5\" ><span class=\"sc_icon_type_ icon-new-sr-icon-5\"><\/span><\/div><div class=\"sc_icons_item_details\"><h4 class=\"sc_icons_item_title\"><a href=\"https:\/\/www.alexandracpsicologa.com\/ca\/psicologa-especialitzada-en-trauma-a-sant-cugat\/\">\r\n                                    Trauma i Vincle                                    <\/a><\/h4><div class=\"sc_icons_item_description\"><span>Treballo experi\u00e8ncies traum\u00e0tiques i dificultats a l'enlla\u00e7 des d'un enfocament integrador.<\/span><\/div><a href=\"https:\/\/www.alexandracpsicologa.com\/ca\/psicologa-especialitzada-en-trauma-a-sant-cugat\/\" class=\"sc_icons_item_link\">\r\n                        <\/a><\/div><\/div><\/div><div class=\"trx_addons_column-1_4 trx_addons_column-1_2-tablet\"><div class=\"sc_icons_item sc_icons_item_linked\"><div class=\"sc_icons_icon sc_icon_type_ trx_addons_icon-logo-db\" ><span class=\"sc_icon_type_ trx_addons_icon-logo-db\"><\/span><\/div><div class=\"sc_icons_item_details\"><h4 class=\"sc_icons_item_title\"><a href=\"https:\/\/www.alexandracpsicologa.com\/ca\/dependencia-emocional\/\">\r\n                                    Depend\u00e8ncia Emocional                                    <\/a><\/h4><div class=\"sc_icons_item_description\"><span>Acompanyo processos de depend\u00e8ncia emocional i dificultats en les relacions afectives.<\/span><\/div><a href=\"https:\/\/www.alexandracpsicologa.com\/ca\/dependencia-emocional\/\" class=\"sc_icons_item_link\">\r\n                        <\/a><\/div><\/div><\/div><div class=\"trx_addons_column-1_4 trx_addons_column-1_2-tablet\"><div class=\"sc_icons_item sc_icons_item_linked\"><div class=\"sc_icons_icon sc_icon_type_ icon-spin5\" ><span class=\"sc_icon_type_ icon-spin5\"><\/span><\/div><div class=\"sc_icons_item_details\"><h4 class=\"sc_icons_item_title\"><a href=\"https:\/\/www.alexandracpsicologa.com\/ca\/emdr\/\">\r\n                                    Ter\u00e0pia EMDR                                    <\/a><\/h4><div class=\"sc_icons_item_description\"><span>Utilitzo la ter\u00e0pia EMDR per processar traumes i experi\u00e8ncies dif\u00edcils, facilitant una recuperaci\u00f3 emocional efectiva.<\/span><\/div><a href=\"https:\/\/www.alexandracpsicologa.com\/ca\/emdr\/\" class=\"sc_icons_item_link\">\r\n                        <\/a><\/div><\/div><\/div><div class=\"trx_addons_column-1_4 trx_addons_column-1_2-tablet\"><div class=\"sc_icons_item sc_icons_item_linked\"><div class=\"sc_icons_icon sc_icon_type_ icon-new-sr-icon-7\" ><span class=\"sc_icon_type_ icon-new-sr-icon-7\"><\/span><\/div><div class=\"sc_icons_item_details\"><h4 class=\"sc_icons_item_title\"><a href=\"https:\/\/www.alexandracpsicologa.com\/ca\/estat-danim\/\">\r\n                                    Depressi\u00f3 i&nbsp;estat de&nbsp;\u00e0nim                                    <\/a><\/h4><div class=\"sc_icons_item_description\"><span>Acompanyo moments de tristesa persistent, desmotivaci\u00f3 o sensaci\u00f3 de bloqueig emocional.<\/span><\/div><a href=\"https:\/\/www.alexandracpsicologa.com\/ca\/estat-danim\/\" class=\"sc_icons_item_link\">\r\n                        <\/a><\/div><\/div><\/div><div class=\"trx_addons_column-1_4 trx_addons_column-1_2-tablet\"><div class=\"sc_icons_item sc_icons_item_linked\"><div class=\"sc_icons_icon sc_icon_type_ icon-new-sr-icon-8\" ><span class=\"sc_icon_type_ icon-new-sr-icon-8\"><\/span><\/div><div class=\"sc_icons_item_details\"><h4 class=\"sc_icons_item_title\"><a href=\"https:\/\/www.alexandracpsicologa.com\/ca\/alta-sensibilitat\/\">\r\n                                    Alta Sensibilitat                                    <\/a><\/h4><div class=\"sc_icons_item_description\"><span>Treballo amb persones amb alta sensibilitat que se senten f\u00e0cilment desbordades per all\u00f2 emocional o all\u00f2 sensorial.<\/span><\/div><a href=\"https:\/\/www.alexandracpsicologa.com\/ca\/alta-sensibilitat\/\" class=\"sc_icons_item_link\">\r\n                        <\/a><\/div><\/div><\/div><div class=\"trx_addons_column-1_4 trx_addons_column-1_2-tablet\"><div class=\"sc_icons_item sc_icons_item_linked\"><div class=\"sc_icons_icon sc_icon_type_ icon-new-text-icon-1\" ><span class=\"sc_icon_type_ icon-new-text-icon-1\"><\/span><\/div><div class=\"sc_icons_item_details\"><h4 class=\"sc_icons_item_title\"><a href=\"https:\/\/www.alexandracpsicologa.com\/ca\/internal-family-sistems\/\">\r\n                                    Ter\u00e0pia IFS                                    <\/a><\/h4><div class=\"sc_icons_item_description\"><span>Aplico la ter\u00e0pia IFS per integrar les diferents parts de tu mateix, promovent l\u2019harmonia interna i&nbsp;el creixement personal.<\/span><\/div><a href=\"https:\/\/www.alexandracpsicologa.com\/ca\/internal-family-sistems\/\" class=\"sc_icons_item_link\">\r\n                        <\/a><\/div><\/div><\/div><div class=\"trx_addons_column-1_4 trx_addons_column-1_2-tablet\"><div class=\"sc_icons_item sc_icons_item_linked\"><div class=\"sc_icons_icon sc_icon_type_ icon-molecular\" ><span class=\"sc_icon_type_ icon-molecular\"><\/span><\/div><div class=\"sc_icons_item_details\"><h4 class=\"sc_icons_item_title\"><a href=\"https:\/\/www.alexandracpsicologa.com\/ca\/neuropsicologia\/\">\r\n                                    Neuropsicologia                                    <\/a><\/h4><div class=\"sc_icons_item_description\"><span>Avaluo i tracto funcions cognitives, millorant la mem\u00f2ria, l\u2019atenci\u00f3 i altres habilitats mentals essencials.<\/span><\/div><a href=\"https:\/\/www.alexandracpsicologa.com\/ca\/neuropsicologia\/\" class=\"sc_icons_item_link\">\r\n                        <\/a><\/div><\/div><\/div><\/div><\/div><!-- \/.sc_icons -->\t\t\t\t<\/div>\n\t\t\t\t<\/div>\n\t\t\t\t\t<\/div>\n\t\t<\/div>\n\t\t\t\t\t<\/div>\n\t\t<\/section>\n\t\t\t\t<section class=\"elementor-section elementor-top-section elementor-element elementor-element-241db8c elementor-section-full_width elementor-section-height-default elementor-section-height-default sc_fly_static\" data-id=\"241db8c\" data-element_type=\"section\" data-e-type=\"section\" data-settings=\"{&quot;background_background&quot;:&quot;classic&quot;}\">\n\t\t\t\t\t\t<div class=\"elementor-container elementor-column-gap-no\">\n\t\t\t\t\t<div class=\"elementor-column elementor-col-100 elementor-top-column elementor-element elementor-element-e6d464f sc_content_align_inherit sc_layouts_column_icons_position_left sc_fly_static\" data-id=\"e6d464f\" data-element_type=\"column\" data-e-type=\"column\">\n\t\t\t<div class=\"elementor-widget-wrap elementor-element-populated\">\n\t\t\t\t\t\t<div class=\"elementor-element elementor-element-644d0d4 sc_fly_static elementor-widget elementor-widget-spacer\" data-id=\"644d0d4\" data-element_type=\"widget\" data-e-type=\"widget\" data-widget_type=\"spacer.default\">\n\t\t\t\t\t\t\t<div class=\"elementor-spacer\">\n\t\t\t<div class=\"elementor-spacer-inner\"><\/div>\n\t\t<\/div>\n\t\t\t\t\t\t<\/div>\n\t\t\t\t<div class=\"elementor-element elementor-element-304f316 sc_fly_static elementor-widget elementor-widget-spacer\" data-id=\"304f316\" data-element_type=\"widget\" data-e-type=\"widget\" data-widget_type=\"spacer.default\">\n\t\t\t\t\t\t\t<div class=\"elementor-spacer\">\n\t\t\t<div class=\"elementor-spacer-inner\"><\/div>\n\t\t<\/div>\n\t\t\t\t\t\t<\/div>\n\t\t\t\t<div class=\"elementor-element elementor-element-366750c elementor-widget__width-initial elementor-absolute elementor-widget-tablet__width-initial elementor-widget-mobile__width-initial sc_fly_static elementor-widget elementor-widget-image\" data-id=\"366750c\" data-element_type=\"widget\" data-e-type=\"widget\" data-settings=\"{&quot;_position&quot;:&quot;absolute&quot;}\" data-widget_type=\"image.default\">\n\t\t\t\t\t\t\t\t\t\t\t\t\t\t\t<img decoding=\"async\" width=\"1304\" height=\"1617\" src=\"https:\/\/www.alexandracpsicologa.com\/wp-content\/uploads\/2025\/03\/flor-alexandra-carol-2.png\" class=\"attachment-full size-full wp-image-68186\" alt=\"Resili\u00e8ncia i superaci\u00f3 del trauma profund  Alexandra Carol Oller Psicologia\" srcset=\"https:\/\/www.alexandracpsicologa.com\/wp-content\/uploads\/2025\/03\/flor-alexandra-carol-2.png 1304w, https:\/\/www.alexandracpsicologa.com\/wp-content\/uploads\/2025\/03\/flor-alexandra-carol-2-242x300.png 242w, https:\/\/www.alexandracpsicologa.com\/wp-content\/uploads\/2025\/03\/flor-alexandra-carol-2-826x1024.png 826w, https:\/\/www.alexandracpsicologa.com\/wp-content\/uploads\/2025\/03\/flor-alexandra-carol-2-768x952.png 768w, https:\/\/www.alexandracpsicologa.com\/wp-content\/uploads\/2025\/03\/flor-alexandra-carol-2-1239x1536.png 1239w, https:\/\/www.alexandracpsicologa.com\/wp-content\/uploads\/2025\/03\/flor-alexandra-carol-2-370x459.png 370w, https:\/\/www.alexandracpsicologa.com\/wp-content\/uploads\/2025\/03\/flor-alexandra-carol-2-840x1042.png 840w, https:\/\/www.alexandracpsicologa.com\/wp-content\/uploads\/2025\/03\/flor-alexandra-carol-2-410x508.png 410w\" sizes=\"(max-width: 1304px) 100vw, 1304px\">\t\t\t\t\t\t\t\t\t\t\t\t\t\t\t<\/div>\n\t\t\t\t\t<\/div>\n\t\t<\/div>\n\t\t\t\t\t<\/div>\n\t\t<\/section>\n\t\t\t\t<section class=\"elementor-section-with-custom-width elementor-section elementor-top-section elementor-element elementor-element-c899435 elementor-section-height-min-height elementor-section-items-stretch elementor-section-boxed elementor-section-height-default sc_fly_static\" data-id=\"c899435\" data-element_type=\"section\" data-e-type=\"section\" data-settings=\"{&quot;background_background&quot;:&quot;classic&quot;}\">\n\t\t\t\t\t\t<div class=\"elementor-container elementor-column-gap-extended\">\n\t\t\t\t\t<div data-animation-type=\"block\" class=\"elementor-column elementor-col-50 elementor-top-column elementor-element elementor-element-ddaf1a3 sc_content_align_inherit sc_layouts_column_icons_position_left animation_type_block sc_fly_static elementor-invisible\" data-id=\"ddaf1a3\" data-element_type=\"column\" data-e-type=\"column\" data-settings=\"{&quot;animation&quot;:&quot;eventicity-fadeinup&quot;,&quot;animation_delay&quot;:100}\">\n\t\t\t<div class=\"elementor-widget-wrap elementor-element-populated\">\n\t\t\t\t\t\t<div class=\"elementor-element elementor-element-674e5ce sc_fly_static elementor-widget elementor-widget-spacer\" data-id=\"674e5ce\" data-element_type=\"widget\" data-e-type=\"widget\" data-widget_type=\"spacer.default\">\n\t\t\t\t\t\t\t<div class=\"elementor-spacer\">\n\t\t\t<div class=\"elementor-spacer-inner\"><\/div>\n\t\t<\/div>\n\t\t\t\t\t\t<\/div>\n\t\t\t\t<div class=\"elementor-element elementor-element-3b7d9b1 sc_fly_static elementor-widget elementor-widget-spacer\" data-id=\"3b7d9b1\" data-element_type=\"widget\" data-e-type=\"widget\" data-widget_type=\"spacer.default\">\n\t\t\t\t\t\t\t<div class=\"elementor-spacer\">\n\t\t\t<div class=\"elementor-spacer-inner\"><\/div>\n\t\t<\/div>\n\t\t\t\t\t\t<\/div>\n\t\t\t\t<div class=\"elementor-element elementor-element-0fac18c elementor-widget-mobile__width-initial sc_fly_static elementor-widget elementor-widget-heading\" data-id=\"0fac18c\" data-element_type=\"widget\" data-e-type=\"widget\" data-settings=\"{&quot;_animation_mobile&quot;:&quot;none&quot;}\" data-widget_type=\"heading.default\">\n\t\t\t\t\t<h2 class=\"elementor-heading-title elementor-size-default\">Per a qui \u00e9s aquesta consulta?<\/h2>\t\t\t\t<\/div>\n\t\t\t\t<section class=\"elementor-section elementor-inner-section elementor-element elementor-element-3233a84 elementor-section-boxed elementor-section-height-default elementor-section-height-default sc_fly_static\" data-id=\"3233a84\" data-element_type=\"section\" data-e-type=\"section\">\n\t\t\t\t\t\t<div class=\"elementor-container elementor-column-gap-no\">\n\t\t\t\t\t<div class=\"elementor-column elementor-col-100 elementor-inner-column elementor-element elementor-element-2e4fb0f sc_content_align_inherit sc_layouts_column_icons_position_left sc_fly_static\" data-id=\"2e4fb0f\" data-element_type=\"column\" data-e-type=\"column\">\n\t\t\t<div class=\"elementor-widget-wrap elementor-element-populated\">\n\t\t\t\t\t\t<div class=\"elementor-element elementor-element-153f5c1 elementor-widget__width-initial elementor-widget-mobile__width-initial sc_fly_static elementor-widget elementor-widget-spacer\" data-id=\"153f5c1\" data-element_type=\"widget\" data-e-type=\"widget\" data-widget_type=\"spacer.default\">\n\t\t\t\t\t\t\t<div class=\"elementor-spacer\">\n\t\t\t<div class=\"elementor-spacer-inner\"><\/div>\n\t\t<\/div>\n\t\t\t\t\t\t<\/div>\n\t\t\t\t<div class=\"elementor-element elementor-element-0b9f726 elementor-widget__width-initial elementor-widget-mobile__width-initial sc_fly_static elementor-widget elementor-widget-text-editor\" data-id=\"0b9f726\" data-element_type=\"widget\" data-e-type=\"widget\" data-widget_type=\"text-editor.default\">\n\t\t\t\t\t\t\t\t\t<p data-start=\"406\" data-end=\"450\">Aquesta consulta de psicologia a Sant Cugat del Vall\u00e8s est\u00e0 pensada per a persones que travessen moments <strong data-start=\"1393\" data-end=\"1446\">d&#8217;ansietat, malestar emocional o confusi\u00f3 personal<\/strong> i volen comprendre millor qu\u00e8 els passa.<\/p>\n<p data-start=\"406\" data-end=\"450\">Pot ser un bon moment per iniciar ter\u00e0pia si:<\/p>\n\n<ul data-start=\"452\" data-end=\"870\">\n \t<li data-start=\"452\" data-end=\"519\">\n<p data-start=\"474\" data-end=\"546\"><strong data-start=\"476\" data-end=\"485\">Vius<\/strong> amb una ansietat que es repeteix o&nbsp;que bloqueja el teu dia a dia.<\/p>\n<\/li>\n \t<li data-start=\"452\" data-end=\"519\">\n<p data-start=\"474\" data-end=\"546\"><strong data-start=\"550\" data-end=\"563\">Arrossegues<\/strong> una p\u00e8rdua o dol que encara no has pogut pair.<\/p>\n<\/li>\n \t<li data-start=\"452\" data-end=\"519\">\n<p data-start=\"474\" data-end=\"546\"><strong data-start=\"620\" data-end=\"643\">T&#8217;has desconnectat<\/strong> de tu mateixa\/o i&nbsp;no saps ben b\u00e9 qu\u00e8 sents.<\/p>\n<\/li>\n \t<li data-start=\"452\" data-end=\"519\">\n<p data-start=\"474\" data-end=\"546\"><strong data-start=\"692\" data-end=\"706\">Et sents <\/strong>emocionalment desbordada\/o sense saber per qu\u00e8.<\/p>\n<\/li>\n \t<li data-start=\"452\" data-end=\"519\">\n<p data-start=\"474\" data-end=\"546\"><strong data-start=\"759\" data-end=\"780\">Vols recuperar <\/strong>la teva autoestima, els teus l\u00edmits o &nbsp;la teva&lt;&nbsp;adre\u00e7a personal.<\/p>\n<\/li>\n \t<li data-start=\"452\" data-end=\"519\">\n<p data-start=\"474\" data-end=\"546\"><strong data-start=\"838\" data-end=\"852\">Has viscut <\/strong>una experi\u00e8ncia traum\u00e0tica i desitges abordar-la amb eines com l&#8217;EMDR.<\/p>\n<\/li>\n<\/ul>\t\t\t\t\t\t\t\t<\/div>\n\t\t\t\t<div class=\"elementor-element elementor-element-4ed38ea sc_fly_static elementor-widget elementor-widget-spacer\" data-id=\"4ed38ea\" data-element_type=\"widget\" data-e-type=\"widget\" data-widget_type=\"spacer.default\">\n\t\t\t\t\t\t\t<div class=\"elementor-spacer\">\n\t\t\t<div class=\"elementor-spacer-inner\"><\/div>\n\t\t<\/div>\n\t\t\t\t\t\t<\/div>\n\t\t\t\t<div data-animation-type=\"block\" class=\"elementor-element elementor-element-56439e2 elementor-widget__width-initial elementor-widget-mobile__width-initial sc_fly_static elementor-widget elementor-widget-heading\" data-id=\"56439e2\" data-element_type=\"widget\" data-e-type=\"widget\" data-settings=\"{&quot;_animation&quot;:&quot;none&quot;,&quot;_animation_mobile&quot;:&quot;none&quot;}\" data-widget_type=\"heading.default\">\n\t\t\t\t\t<h3 class=\"elementor-heading-title elementor-size-default\">No cal tenir-ho tot clar. \nSi sents que alguna cosa dins teu necessita ser mirada amb respecte, aquest \u00e9s el teu espai.<\/h3>\t\t\t\t<\/div>\n\t\t\t\t<div class=\"elementor-element elementor-element-1272b61 sc_fly_static elementor-widget elementor-widget-spacer\" data-id=\"1272b61\" data-element_type=\"widget\" data-e-type=\"widget\" data-widget_type=\"spacer.default\">\n\t\t\t\t\t\t\t<div class=\"elementor-spacer\">\n\t\t\t<div class=\"elementor-spacer-inner\"><\/div>\n\t\t<\/div>\n\t\t\t\t\t\t<\/div>\n\t\t\t\t\t<\/div>\n\t\t<\/div>\n\t\t\t\t\t<\/div>\n\t\t<\/section>\n\t\t\t\t\t<\/div>\n\t\t<\/div>\n\t\t\t\t<div class=\"elementor-column elementor-col-50 elementor-top-column elementor-element elementor-element-84ee3d8 sc_content_align_inherit sc_layouts_column_icons_position_left sc_fly_static\" data-id=\"84ee3d8\" data-element_type=\"column\" data-e-type=\"column\">\n\t\t\t<div class=\"elementor-widget-wrap elementor-element-populated\">\n\t\t\t\t\t\t<div class=\"elementor-element elementor-element-e76164e sc_fly_static elementor-widget elementor-widget-spacer\" data-id=\"e76164e\" data-element_type=\"widget\" data-e-type=\"widget\" data-widget_type=\"spacer.default\">\n\t\t\t\t\t\t\t<div class=\"elementor-spacer\">\n\t\t\t<div class=\"elementor-spacer-inner\"><\/div>\n\t\t<\/div>\n\t\t\t\t\t\t<\/div>\n\t\t\t\t<div data-animation-type=\"sequental\" data-animation-stagger=\"\" class=\"elementor-element elementor-element-589c548 elementor-widget-mobile__width-initial sc_fly_static elementor-widget elementor-widget-trx_sc_services\" data-id=\"589c548\" data-element_type=\"widget\" data-e-type=\"widget\" data-settings=\"{&quot;_animation_delay&quot;:100,&quot;_animation&quot;:&quot;none&quot;}\" data-widget_type=\"trx_sc_services.default\">\n\t\t\t\t<div class=\"elementor-widget-container\">\n\t\t\t\t\t<div class=\"sc_services sc_services_qw-nodes sc_services_featured_left\"><div class=\"sc_services_content sc_item_content sc_item_posts_container sc_item_columns_1\"><div data-post-id=\"68539\" class=\"sc_services_item sc_item_container post_container no_links with_content with_icon sc_services_item_featured_left post-68539 cpt_services type-cpt_services status-publish hentry cpt_services_group-psicologia-ca\"><div class=\"sc_services_item_timeline\"><\/div><span\t\t\tclass=\"sc_services_item_marker sc_services_item_icon sc_icon_type_icons icon-new-sr-icon-9\"><\/span>\t\n\t<div class=\"sc_services_item_info\">\n\t\t\t\t<div class=\"sc_services_item_header\">\n\t\t\t\t\t\t<h4 class=\"sc_services_item_title entry-title\">Primer contacte<\/h4><\/div><div class=\"sc_services_item_text\"><p>En aquest primer acostament, parlarem sobre qu\u00e8 et preocupa i qu\u00e8 esperes de la ter\u00e0pia. \u00c9s un espai segur on et pots expressar amb total llibertat, sense pressions ni judicis, a la consulta de Sant Cugat del Vall\u00e8s o en format online. <\/p>\n<\/div><\/div>\n<\/div><div data-post-id=\"68540\" class=\"sc_services_item sc_item_container post_container no_links with_content with_icon sc_services_item_featured_left post-68540 cpt_services type-cpt_services status-publish hentry cpt_services_group-psicologia-ca\"><div class=\"sc_services_item_timeline\"><\/div><span\t\t\tclass=\"sc_services_item_marker sc_services_item_icon sc_icon_type_icons icon-new-sr-icon-10\"><\/span>\t\n\t<div class=\"sc_services_item_info\">\n\t\t\t\t<div class=\"sc_services_item_header\">\n\t\t\t\t\t\t<h4 class=\"sc_services_item_title entry-title\">Sessi\u00f3 inicial<\/h4><\/div><div class=\"sc_services_item_text\"><p>A la nostra primera sessi\u00f3, explorarem la teva hist\u00f2ria, emocions i necessitats. L\u2019objectiu \u00e9s comprendre millor la teva situaci\u00f3 i establir una base de confian\u00e7a. No hi ha respostes correctes o incorrectes, nom\u00e9s un espai per a tu.<\/p>\n<\/div><\/div>\n<\/div><div data-post-id=\"68541\" class=\"sc_services_item sc_item_container post_container no_links with_content with_icon sc_services_item_featured_left post-68541 cpt_services type-cpt_services status-publish hentry cpt_services_group-psicologia-ca\"><div class=\"sc_services_item_timeline\"><\/div><span\t\t\tclass=\"sc_services_item_marker sc_services_item_icon sc_icon_type_icons icon-new-sr-icon-11\"><\/span>\t\n\t<div class=\"sc_services_item_info\">\n\t\t\t\t<div class=\"sc_services_item_header\">\n\t\t\t\t\t\t<h4 class=\"sc_services_item_title entry-title\">Proc\u00e9s terap\u00e8utic<\/h4><\/div><div class=\"sc_services_item_text\"><p>Al llarg de les sessions, treballarem en profunditat amb eines adaptades a tu. Depenent del teu cas, combinarem diferents metodologies per ajudar-te a gestionar les teves emocions, canviar patrons i avan\u00e7ar cap al benestar. <\/p>\n<\/div><\/div>\n<\/div><div data-post-id=\"68542\" class=\"sc_services_item sc_item_container post_container no_links with_content with_icon sc_services_item_featured_left post-68542 cpt_services type-cpt_services status-publish hentry cpt_services_group-psicologia-ca\"><div class=\"sc_services_item_timeline\"><\/div><span\t\t\tclass=\"sc_services_item_marker sc_services_item_icon sc_icon_type_icons icon-new-sr-icon-12\"><\/span>\t\n\t<div class=\"sc_services_item_info\">\n\t\t\t\t<div class=\"sc_services_item_header\">\n\t\t\t\t\t\t<h4 class=\"sc_services_item_title entry-title\">Avan\u00e7os i tancament<\/h4><\/div><div class=\"sc_services_item_text\"><p>La ter\u00e0pia no t\u00e9 una durada fixa, cada persona segueix el seu propi ritme. Quan arribi el moment adequat, revisarem els avan\u00e7os aconseguits i ens assegurarem que et sentis preparada\/o per continuar amb autonomia, integrant all\u00f2 treballat en el teu dia a dia.<\/p>\n<\/div><\/div>\n<\/div><\/div><\/div>\t\t\t\t<\/div>\n\t\t\t\t<\/div>\n\t\t\t\t<div class=\"elementor-element elementor-element-be6049f sc_fly_static elementor-widget elementor-widget-spacer\" data-id=\"be6049f\" data-element_type=\"widget\" data-e-type=\"widget\" data-widget_type=\"spacer.default\">\n\t\t\t\t\t\t\t<div class=\"elementor-spacer\">\n\t\t\t<div class=\"elementor-spacer-inner\"><\/div>\n\t\t<\/div>\n\t\t\t\t\t\t<\/div>\n\t\t\t\t<div class=\"elementor-element elementor-element-5230f23 elementor-widget__width-initial elementor-widget-mobile__width-initial sc_fly_static elementor-widget elementor-widget-text-editor\" data-id=\"5230f23\" data-element_type=\"widget\" data-e-type=\"widget\" data-widget_type=\"text-editor.default\">\n\t\t\t\t\t\t\t\t\t<p data-start=\"406\" data-end=\"450\">Les sessions es poden fer en consulta <strong>presencial a Sant Cugat del&nbsp;Vall\u00e8s<\/strong> o en format <strong>online.<\/strong><\/p>\t\t\t\t\t\t\t\t<\/div>\n\t\t\t\t<div class=\"elementor-element elementor-element-0e0a466 sc_fly_static elementor-widget elementor-widget-spacer\" data-id=\"0e0a466\" data-element_type=\"widget\" data-e-type=\"widget\" data-widget_type=\"spacer.default\">\n\t\t\t\t\t\t\t<div class=\"elementor-spacer\">\n\t\t\t<div class=\"elementor-spacer-inner\"><\/div>\n\t\t<\/div>\n\t\t\t\t\t\t<\/div>\n\t\t\t\t<div class=\"elementor-element elementor-element-49b8b04 elementor-align-left elementor-mobile-align-center sc_fly_static elementor-widget elementor-widget-button\" data-id=\"49b8b04\" data-element_type=\"widget\" data-e-type=\"widget\" data-widget_type=\"button.default\">\n\t\t\t\t\t\t\t\t\t\t<a class=\"elementor-button elementor-button-link elementor-size-sm\" href=\"https:\/\/www.doctoralia.es\/z\/GFBzDd\" target=\"_blank\" rel=\"noopener\">\n\t\t\t\t\t\t<span class=\"elementor-button-content-wrapper\">\n\t\t\t\t\t\t\t\t\t<span class=\"elementor-button-text\">Reserva la teva primera sessi\u00f3<\/span>\n\t\t\t\t\t<\/span>\n\t\t\t\t\t<\/a>\n\t\t\t\t\t\t\t\t<\/div>\n\t\t\t\t<div class=\"elementor-element elementor-element-44a9f13 sc_fly_static elementor-widget elementor-widget-spacer\" data-id=\"44a9f13\" data-element_type=\"widget\" data-e-type=\"widget\" data-widget_type=\"spacer.default\">\n\t\t\t\t\t\t\t<div class=\"elementor-spacer\">\n\t\t\t<div class=\"elementor-spacer-inner\"><\/div>\n\t\t<\/div>\n\t\t\t\t\t\t<\/div>\n\t\t\t\t\t<\/div>\n\t\t<\/div>\n\t\t\t\t\t<\/div>\n\t\t<\/section>\n\t\t\t\t<section class=\"elementor-section elementor-top-section elementor-element elementor-element-21246d4 sc_section_toggle_on sc_section_toggle_close_on elementor-section-boxed elementor-section-height-default elementor-section-height-default sc_section_toggle_state_show sc_fly_static\" data-id=\"21246d4\" data-element_type=\"section\" data-e-type=\"section\">\n\t\t\t\t\t\t\t<div class=\"elementor-background-overlay\"><\/div>\n\t\t\t\t\t\t\t<div class=\"elementor-container elementor-column-gap-extended\">\n\t\t\t\t\t<div class=\"elementor-column elementor-col-50 elementor-top-column elementor-element elementor-element-c96dc93 sc_content_align_inherit sc_layouts_column_icons_position_left sc_fly_static\" data-id=\"c96dc93\" data-element_type=\"column\" data-e-type=\"column\">\n\t\t\t<div class=\"elementor-widget-wrap elementor-element-populated\">\n\t\t\t\t\t\t<div class=\"elementor-element elementor-element-f9a4881 sc_fly_static elementor-widget elementor-widget-spacer\" data-id=\"f9a4881\" data-element_type=\"widget\" data-e-type=\"widget\" data-widget_type=\"spacer.default\">\n\t\t\t\t\t\t\t<div class=\"elementor-spacer\">\n\t\t\t<div class=\"elementor-spacer-inner\"><\/div>\n\t\t<\/div>\n\t\t\t\t\t\t<\/div>\n\t\t\t\t<div class=\"elementor-element elementor-element-1dca701 elementor-widget__width-initial sc_fly_static elementor-widget elementor-widget-heading\" data-id=\"1dca701\" data-element_type=\"widget\" data-e-type=\"widget\" data-widget_type=\"heading.default\">\n\t\t\t\t\t<h1 class=\"elementor-heading-title elementor-size-default\">Preguntes freq\u00fcents sobre ter\u00e0pia psicol\u00f2gica<\/h1>\t\t\t\t<\/div>\n\t\t\t\t<div class=\"elementor-element elementor-element-595ed58 sc_fly_static elementor-widget elementor-widget-spacer\" data-id=\"595ed58\" data-element_type=\"widget\" data-e-type=\"widget\" data-widget_type=\"spacer.default\">\n\t\t\t\t\t\t\t<div class=\"elementor-spacer\">\n\t\t\t<div class=\"elementor-spacer-inner\"><\/div>\n\t\t<\/div>\n\t\t\t\t\t\t<\/div>\n\t\t\t\t<div data-animation-type=\"block\" class=\"elementor-element elementor-element-bc6c68f elementor-widget__width-initial elementor-view-default animation_type_block sc_fly_static elementor-invisible elementor-widget elementor-widget-icon\" data-id=\"bc6c68f\" data-element_type=\"widget\" data-e-type=\"widget\" data-settings=\"{&quot;_animation&quot;:&quot;resurs-fadeinup&quot;}\" data-widget_type=\"icon.default\">\n\t\t\t\t\t\t\t<div class=\"elementor-icon-wrapper\">\n\t\t\t<div class=\"elementor-icon\">\n\t\t\t<svg aria-hidden=\"true\" class=\"e-font-icon-svg e-fas-arrow-right\" viewBox=\"0 0 448 512\" xmlns=\"http:\/\/www.w3.org\/2000\/svg\"><path d=\"M190.5 66.9l22.2-22.2c9.4-9.4 24.6-9.4 33.9 0L441 239c9.4 9.4 9.4 24.6 0 33.9L246.6 467.3c-9.4 9.4-24.6 9.4-33.9 0l-22.2-22.2c-9.5-9.5-9.3-25 .4-34.3L311.4 296H24c-13.3 0-24-10.7-24-24v-32c0-13.3 10.7-24 24-24h287.4L190.9 101.2c-9.8-9.3-10-24.8-.4-34.3z\"><\/path><\/svg>\t\t\t<\/div>\n\t\t<\/div>\n\t\t\t\t\t\t<\/div>\n\t\t\t\t<div class=\"elementor-element elementor-element-ab19e65 sc_fly_static elementor-widget elementor-widget-spacer\" data-id=\"ab19e65\" data-element_type=\"widget\" data-e-type=\"widget\" data-widget_type=\"spacer.default\">\n\t\t\t\t\t\t\t<div class=\"elementor-spacer\">\n\t\t\t<div class=\"elementor-spacer-inner\"><\/div>\n\t\t<\/div>\n\t\t\t\t\t\t<\/div>\n\t\t\t\t\t<\/div>\n\t\t<\/div>\n\t\t\t\t<div class=\"elementor-column elementor-col-50 elementor-top-column elementor-element elementor-element-5f792ce sc-mobile_inner_width_none sc_content_align_inherit sc_layouts_column_icons_position_left sc_fly_static\" data-id=\"5f792ce\" data-element_type=\"column\" data-e-type=\"column\">\n\t\t\t<div class=\"elementor-widget-wrap elementor-element-populated\">\n\t\t\t\t\t\t<div class=\"elementor-element elementor-element-c059abf sc_fly_static elementor-widget elementor-widget-ucaddon_uc_icon_accordion\" data-id=\"c059abf\" data-element_type=\"widget\" data-e-type=\"widget\" data-widget_type=\"ucaddon_uc_icon_accordion.default\">\n\t\t\t\t<div class=\"elementor-widget-container\">\n\t\t\t\t\t\n<!-- start Icon Accordion -->\n\t\t<link id='font-awesome-css' href='https:\/\/www.alexandracpsicologa.com\/wp-content\/plugins\/unlimited-elements-for-elementor\/assets_libraries\/font-awesome6\/fontawesome-all.min.css' type='text\/css' rel='stylesheet' >\n\t\t<link id='font-awesome-4-shim-css' href='https:\/\/www.alexandracpsicologa.com\/wp-content\/plugins\/unlimited-elements-for-elementor\/assets_libraries\/font-awesome6\/fontawesome-v4-shims.min.css' type='text\/css' rel='stylesheet' >\n\n<style>\/* widget: Icon Accordion *\/\n\n#uc_uc_icon_accordion_elementor_c059abf *{\n\tbox-sizing: border-box;\n}\n\n#uc_uc_icon_accordion_elementor_c059abf .uc_container .uc-heading{\n\tcursor:pointer;\n    display:flex;\n    align-items:center;\n    transition:0.3s;\n}\n\n#uc_uc_icon_accordion_elementor_c059abf .uc_container .uc-heading span.bbb{\n\tdisplay:block;\t  \n}\n\n#uc_uc_icon_accordion_elementor_c059abf .uc_ac_box.uc-item-active span.uc_dactive{\n\tdisplay:none;\n}\n\n#uc_uc_icon_accordion_elementor_c059abf .uc_ac_box:not(.uc-item-active) span.uc_active{\n\tdisplay:none;\n}\n\n#uc_uc_icon_accordion_elementor_c059abf .ue_icon_holder,\n#uc_uc_icon_accordion_elementor_c059abf .ue_icon_spacing{\n  flex-grow:0;\n  flex-shrink:0; \n}\n\n#uc_uc_icon_accordion_elementor_c059abf .uc_content{\n\tdisplay: none;\n}\n\n#uc_uc_icon_accordion_elementor_c059abf .ue_icon{\n  display:flex;\n  justify-content:center;\n  align-items:center;\n  line-height:1em;\n  transition:0.3s;\n}\n\n#uc_uc_icon_accordion_elementor_c059abf .ue_icon svg{\n  height:1em;\n  width:1em;\n}\n\n#uc_uc_icon_accordion_elementor_c059abf .ue_expand_inside{\n  display:flex;\n  justify-content:center;\n  align-items:center;\n  line-height:1em;\n}\n\n#uc_uc_icon_accordion_elementor_c059abf .ue_expand_inside svg{\n  height:1em;\n  width:1em;\n}\n\n#uc_uc_icon_accordion_elementor_c059abf .ue_expand,\n#uc_uc_icon_accordion_elementor_c059abf .ue_expand_spacing{\n  flex-grow:0;\n  flex-shrink:0;\n}\n\n#uc_uc_icon_accordion_elementor_c059abf .ue_title{\n  flex-grow:1;\n}\n\n#uc_uc_icon_accordion_elementor_c059abf .uc_ac_box:last-child{\n  margin-bottom:0px;\n}\n\n#uc_uc_icon_accordion_elementor_c059abf .uc_ac_box{\n  overflow:hidden;\n}\n\n<\/style>\n\n<div class=\"uc_material_accordion  \"  id=\"uc_uc_icon_accordion_elementor_c059abf\" data-name=\"\" data-closeothers=\"true\"  data-scrolltohead=\"off\">\n  <div class=\"uc_container uc-items-wrapper\">\n    \n\n<div id=\"uc_uc_icon_accordion_elementor_c059abf_item1\" class=\"uc_ac_box  elementor-repeater-item-c8317a1\">\n  <div class=\"uc-heading uc_trigger\" role=\"button\" aria-controls=\"uc_uc_icon_accordion_elementor_c059abf_item1-content\" tabindex=\"0\" aria-expanded=\"false\">\n    \n        \n    <div id=\"uc_uc_icon_accordion_elementor_c059abf_item1-title\" class=\"ue_title\">Com saber si necessito anar a ter\u00e0pia?<\/div>    \n    \n          <div class=\"ue_expand_spacing\"><\/div>\n      <div class=\"ue_expand\">\n        <div class=\"ue_expand_inside\">\n          <span class=\"uc_dactive bbb ue_accordion_icon\" ><i class='fas fa-plus'><\/i><\/span>\n          <span class=\"uc_active bbb ue_accordion_icon\"><i class='fas fa-minus'><\/i><\/span>\n        <\/div>\n      <\/div>\n        \n  <\/div>\n  \n  <div id=\"uc_uc_icon_accordion_elementor_c059abf_item1-content\" class=\"uc_content\" role=\"region\" aria-labelledby=\"uc_uc_icon_accordion_elementor_c059abf_item1-title\" >\n          <p>Moltes persones arriben a ter\u00e0pia quan senten ansietat persistent, dificultats emocionals o moments de bloqueig personal.<br data-start=\"652\" data-end=\"655\">La ter\u00e0pia psicol\u00f2gica \u00e9s un espai per comprendre el que passa i trobar noves maneres d'afrontar les dificultats.<\/p>\n\n     \n    \n     \n    \n  <\/div>\n<\/div>\n\n\n<div id=\"uc_uc_icon_accordion_elementor_c059abf_item2\" class=\"uc_ac_box  elementor-repeater-item-0c1d1fd\">\n  <div class=\"uc-heading uc_trigger\" role=\"button\" aria-controls=\"uc_uc_icon_accordion_elementor_c059abf_item2-content\" tabindex=\"0\" aria-expanded=\"false\">\n    \n        \n    <div id=\"uc_uc_icon_accordion_elementor_c059abf_item2-title\" class=\"ue_title\">Quan dura un proc\u00e9s terap\u00e8utic?<\/div>    \n    \n          <div class=\"ue_expand_spacing\"><\/div>\n      <div class=\"ue_expand\">\n        <div class=\"ue_expand_inside\">\n          <span class=\"uc_dactive bbb ue_accordion_icon\" ><i class='fas fa-plus'><\/i><\/span>\n          <span class=\"uc_active bbb ue_accordion_icon\"><i class='fas fa-minus'><\/i><\/span>\n        <\/div>\n      <\/div>\n        \n  <\/div>\n  \n  <div id=\"uc_uc_icon_accordion_elementor_c059abf_item2-content\" class=\"uc_content\" role=\"region\" aria-labelledby=\"uc_uc_icon_accordion_elementor_c059abf_item2-title\" >\n          <p>No hi ha una durada fixa. Cada proc\u00e9s terap\u00e8utic \u00e9s diferent i s'adapta al ritme i les necessitats de cada persona.<br data-start=\"952\" data-end=\"955\">Algunes persones necessiten acompanyament durant un per\u00edode curt i d'altres fan processos m\u00e9s llargs. <\/p>\n\n     \n    \n     \n    \n  <\/div>\n<\/div>\n\n\n<div id=\"uc_uc_icon_accordion_elementor_c059abf_item3\" class=\"uc_ac_box  elementor-repeater-item-136265b\">\n  <div class=\"uc-heading uc_trigger\" role=\"button\" aria-controls=\"uc_uc_icon_accordion_elementor_c059abf_item3-content\" tabindex=\"0\" aria-expanded=\"false\">\n    \n        \n    <div id=\"uc_uc_icon_accordion_elementor_c059abf_item3-title\" class=\"ue_title\">Les sessions poden ser en l\u00ednia?<\/div>    \n    \n          <div class=\"ue_expand_spacing\"><\/div>\n      <div class=\"ue_expand\">\n        <div class=\"ue_expand_inside\">\n          <span class=\"uc_dactive bbb ue_accordion_icon\" ><i class='fas fa-plus'><\/i><\/span>\n          <span class=\"uc_active bbb ue_accordion_icon\"><i class='fas fa-minus'><\/i><\/span>\n        <\/div>\n      <\/div>\n        \n  <\/div>\n  \n  <div id=\"uc_uc_icon_accordion_elementor_c059abf_item3-content\" class=\"uc_content\" role=\"region\" aria-labelledby=\"uc_uc_icon_accordion_elementor_c059abf_item3-title\" >\n          <p data-start=\"307\" data-end=\"471\">S\u00ed. A m\u00e9s de la consulta presencial a Sant Cugat del Vall\u00e8s, tamb\u00e9 ofereixo ter\u00e0pia en l\u00ednia per a persones que viuen fora o prefereixen realitzar les sessions a dist\u00e0ncia.<\/p>\n\n     \n    \n     \n    \n  <\/div>\n<\/div>\n\n\n<div id=\"uc_uc_icon_accordion_elementor_c059abf_item4\" class=\"uc_ac_box  elementor-repeater-item-31ea654\">\n  <div class=\"uc-heading uc_trigger\" role=\"button\" aria-controls=\"uc_uc_icon_accordion_elementor_c059abf_item4-content\" tabindex=\"0\" aria-expanded=\"false\">\n    \n        \n    <div id=\"uc_uc_icon_accordion_elementor_c059abf_item4-title\" class=\"ue_title\">Qu\u00e8 passa a la primera sessi\u00f3?<\/div>    \n    \n          <div class=\"ue_expand_spacing\"><\/div>\n      <div class=\"ue_expand\">\n        <div class=\"ue_expand_inside\">\n          <span class=\"uc_dactive bbb ue_accordion_icon\" ><i class='fas fa-plus'><\/i><\/span>\n          <span class=\"uc_active bbb ue_accordion_icon\"><i class='fas fa-minus'><\/i><\/span>\n        <\/div>\n      <\/div>\n        \n  <\/div>\n  \n  <div id=\"uc_uc_icon_accordion_elementor_c059abf_item4-content\" class=\"uc_content\" role=\"region\" aria-labelledby=\"uc_uc_icon_accordion_elementor_c059abf_item4-title\" >\n          <p>La primera sessi\u00f3 \u00e9s un espai per con\u00e8ixer-nos i comprendre qu\u00e8 est\u00e0 passant.<br \/>Parlarem sobre la teva situaci\u00f3 actual i qu\u00e8 t'agradaria treballar en ter\u00e0pia.<\/p>\n\n     \n    \n     \n    \n  <\/div>\n<\/div>\n\n\n<div id=\"uc_uc_icon_accordion_elementor_c059abf_item5\" class=\"uc_ac_box  elementor-repeater-item-2a0c507\">\n  <div class=\"uc-heading uc_trigger\" role=\"button\" aria-controls=\"uc_uc_icon_accordion_elementor_c059abf_item5-content\" tabindex=\"0\" aria-expanded=\"false\">\n    \n        \n    <div id=\"uc_uc_icon_accordion_elementor_c059abf_item5-title\" class=\"ue_title\">Treballes amb trauma i ansietat?<\/div>    \n    \n          <div class=\"ue_expand_spacing\"><\/div>\n      <div class=\"ue_expand\">\n        <div class=\"ue_expand_inside\">\n          <span class=\"uc_dactive bbb ue_accordion_icon\" ><i class='fas fa-plus'><\/i><\/span>\n          <span class=\"uc_active bbb ue_accordion_icon\"><i class='fas fa-minus'><\/i><\/span>\n        <\/div>\n      <\/div>\n        \n  <\/div>\n  \n  <div id=\"uc_uc_icon_accordion_elementor_c059abf_item5-content\" class=\"uc_content\" role=\"region\" aria-labelledby=\"uc_uc_icon_accordion_elementor_c059abf_item5-title\" >\n          <p>S\u00ed. En consulta treballo especialment amb processos d'ansietat, experi\u00e8ncies traum\u00e0tiques i dificultats emocionals utilitzant diferents enfocaments terap\u00e8utics segons cada cas.<\/p>\n\n     \n    \n     \n    \n  <\/div>\n<\/div>\n\n\n<div id=\"uc_uc_icon_accordion_elementor_c059abf_item6\" class=\"uc_ac_box  elementor-repeater-item-6d9a724\">\n  <div class=\"uc-heading uc_trigger\" role=\"button\" aria-controls=\"uc_uc_icon_accordion_elementor_c059abf_item6-content\" tabindex=\"0\" aria-expanded=\"false\">\n    \n        \n    <div id=\"uc_uc_icon_accordion_elementor_c059abf_item6-title\" class=\"ue_title\">\u00bfCada cu\u00e1nto tiempo se realizan las sesiones de terapia?<\/div>    \n    \n          <div class=\"ue_expand_spacing\"><\/div>\n      <div class=\"ue_expand\">\n        <div class=\"ue_expand_inside\">\n          <span class=\"uc_dactive bbb ue_accordion_icon\" ><i class='fas fa-plus'><\/i><\/span>\n          <span class=\"uc_active bbb ue_accordion_icon\"><i class='fas fa-minus'><\/i><\/span>\n        <\/div>\n      <\/div>\n        \n  <\/div>\n  \n  <div id=\"uc_uc_icon_accordion_elementor_c059abf_item6-content\" class=\"uc_content\" role=\"region\" aria-labelledby=\"uc_uc_icon_accordion_elementor_c059abf_item6-title\" >\n          <p>La freq\u00fc\u00e8ncia habitual de les sessions sol ser setmanal, especialment a l'inici del proc\u00e9s terap\u00e8utic.<br data-start=\"312\" data-end=\"315\">Amb el temps, i segons com evolucioni cada persona, les sessions es poden espaiar.<br data-start=\"401\" data-end=\"404\">A consulta valorem junts quin ritme \u00e9s el m\u00e9s adequat per a la teva situaci\u00f3.<\/p>\n\n     \n    \n     \n    \n  <\/div>\n<\/div>\n\n\n<div id=\"uc_uc_icon_accordion_elementor_c059abf_item7\" class=\"uc_ac_box  elementor-repeater-item-28899af\">\n  <div class=\"uc-heading uc_trigger\" role=\"button\" aria-controls=\"uc_uc_icon_accordion_elementor_c059abf_item7-content\" tabindex=\"0\" aria-expanded=\"false\">\n    \n        \n    <div id=\"uc_uc_icon_accordion_elementor_c059abf_item7-title\" class=\"ue_title\">On \u00e9s la consulta de psicologia a Sant Cugat?<\/div>    \n    \n          <div class=\"ue_expand_spacing\"><\/div>\n      <div class=\"ue_expand\">\n        <div class=\"ue_expand_inside\">\n          <span class=\"uc_dactive bbb ue_accordion_icon\" ><i class='fas fa-plus'><\/i><\/span>\n          <span class=\"uc_active bbb ue_accordion_icon\"><i class='fas fa-minus'><\/i><\/span>\n        <\/div>\n      <\/div>\n        \n  <\/div>\n  \n  <div id=\"uc_uc_icon_accordion_elementor_c059abf_item7-content\" class=\"uc_content\" role=\"region\" aria-labelledby=\"uc_uc_icon_accordion_elementor_c059abf_item7-title\" >\n          <p>La consulta es troba al bell mig de Sant Cugat del Vall\u00e8s (Barcelona), en un espai tranquil, confidencial, amb f\u00e0cil accessibilitat i pensat per al treball terap\u00e8utic.<br data-start=\"287\" data-end=\"290\">Atenc tant de forma presencial com en ter\u00e0pia en l\u00ednia, per a persones que viuen fora o prefereixen realitzar les sessions a dist\u00e0ncia.<\/p>\n\n     \n    \n     \n    \n  <\/div>\n<\/div>\n\n  <\/div>\n<\/div>\n\n\n<!-- end Icon Accordion -->\t\t\t\t<\/div>\n\t\t\t\t<\/div>\n\t\t\t\t\t<\/div>\n\t\t<\/div>\n\t\t\t\t\t<\/div>\n\t\t<\/section>\n\t\t\t\t<section class=\"elementor-section elementor-top-section elementor-element elementor-element-5b13a30 elementor-section-boxed elementor-section-height-default elementor-section-height-default sc_fly_static\" data-id=\"5b13a30\" data-element_type=\"section\" data-e-type=\"section\">\n\t\t\t\t\t\t<div class=\"elementor-container elementor-column-gap-extended\">\n\t\t\t\t\t<div class=\"elementor-column elementor-col-50 elementor-top-column elementor-element elementor-element-ae05ec4 sc_content_align_inherit sc_layouts_column_icons_position_left sc_fly_static\" data-id=\"ae05ec4\" data-element_type=\"column\" data-e-type=\"column\">\n\t\t\t<div class=\"elementor-widget-wrap elementor-element-populated\">\n\t\t\t\t\t\t<div class=\"elementor-element elementor-element-fa7332a elementor-widget__width-initial sc_fly_static elementor-widget elementor-widget-text-editor\" data-id=\"fa7332a\" data-element_type=\"widget\" data-e-type=\"widget\" data-widget_type=\"text-editor.default\">\n\t\t\t\t\t\t\t\t\t<div class=\"rank-math-contact-info show-name show-organization_description show-email show-address show-hours show-phone show-additional_info show-map\"><div class=\"rank-math-contact-section rank-math-contact-name\">\t\t<h4 class=\"rank-math-name\">\n\t\t\t<a href=\"https:\/\/www.alexandracpsicologa.com\">Alexandra Carol Oller | Psic\u00f3loga Sant Cugat<\/a>\n\t\t<\/h4>\n\t\t<\/div><div class=\"rank-math-contact-section rank-math-contact-organization_description\">\t\t<div class=\"rank-math-organization-description\">\n\t\t\t<label>Description:<\/label>\n\t\t\t<p>Consulta de psicolog\u00eda en Sant Cugat del Vall\u00e8s liderada por Alexandra Carol Oller. Especialista en terapia EMDR, tratamiento de ansiedad, trauma y dependencia emocional para adultos.<\/p>\n\t\t<\/div>\n\t\t<\/div><div class=\"rank-math-contact-section rank-math-contact-email\">\t\t<div class=\"rank-math-email\">\n\t\t\t<label>Email:<\/label>\n\t\t\t<a href=\"mailto:info@alexandracpsicologa.com\">info@alexandracpsicologa.com<\/a>\n\t\t<\/div>\n\t\t<\/div><div class=\"rank-math-contact-section rank-math-contact-address\">\t\t<label>Adre\u00e7a:<\/label>\n\t\t<address><span class=\"contact-address-streetAddress\">Av. Rius i Taulet, 29-31, Piso 2-2,<\/span> <span class=\"contact-address-addressLocality\">Sant Cugat del Vall\u00e8s<\/span>, <span class=\"contact-address-addressRegion\">Barcelona<\/span> <span class=\"contact-address-postalCode\">08172<\/span><\/address>\n\t\t<\/div><div class=\"rank-math-contact-section rank-math-contact-hours\">\t\t<label>Hours:<\/label>\n\t\t<div class=\"rank-math-contact-hours-details\">\n\t\t\t<div class=\"rank-math-opening-hours\"><span class=\"rank-math-opening-days\">Dilluns, Dimarts, Dimecres, Dijous, Divendres<\/span><span class=\"rank-math-opening-time\">10:00 &ndash; 20:00<\/span><\/div><div class=\"rank-math-opening-hours\"><span class=\"rank-math-opening-days\">Dissabte<\/span><span class=\"rank-math-opening-time\">10:00 &ndash; 14:00<\/span><\/div>\t\t<\/div>\n\t\t<\/div><div class=\"rank-math-contact-section rank-math-contact-phone\">\t\t\t<div class=\"rank-math-phone-number type-reservations\">\n\t\t\t\t<label>Reservations:<\/label>\n\t\t\t\t<span><a href=\"tel:+34 679 038 889\">+34 679 038 889<\/a><\/span>\n\t\t\t<\/div>\n\t\t\t<\/div><div class=\"rank-math-contact-section rank-math-contact-additional_info\">\t\t\t<div class=\"rank-math-organization-additional-details\">\n\t\t\t\t<label>Founding Date:<\/label>\n\t\t\t\t<span>2019<\/span>\n\t\t\t<\/div>\n\t\t\t<\/div><div class=\"rank-math-contact-section rank-math-contact-map\"><\/div><\/div><div class=\"clear\"><\/div>\t\t\t\t\t\t\t\t<\/div>\n\t\t\t\t\t<\/div>\n\t\t<\/div>\n\t\t\t\t<div class=\"elementor-column elementor-col-50 elementor-top-column elementor-element elementor-element-9699220 sc_content_align_inherit sc_layouts_column_icons_position_left sc_fly_static\" data-id=\"9699220\" data-element_type=\"column\" data-e-type=\"column\">\n\t\t\t<div class=\"elementor-widget-wrap elementor-element-populated\">\n\t\t\t\t\t\t<div class=\"elementor-element elementor-element-2cdbf10 sc_fly_static elementor-widget elementor-widget-spacer\" data-id=\"2cdbf10\" data-element_type=\"widget\" data-e-type=\"widget\" data-widget_type=\"spacer.default\">\n\t\t\t\t\t\t\t<div class=\"elementor-spacer\">\n\t\t\t<div class=\"elementor-spacer-inner\"><\/div>\n\t\t<\/div>\n\t\t\t\t\t\t<\/div>\n\t\t\t\t<div class=\"elementor-element elementor-element-b9b3a57 sc_fly_static elementor-widget elementor-widget-heading\" data-id=\"b9b3a57\" data-element_type=\"widget\" data-e-type=\"widget\" data-widget_type=\"heading.default\">\n\t\t\t\t\t<h2 class=\"elementor-heading-title elementor-size-default\">Contacta amb mi<\/h2>\t\t\t\t<\/div>\n\t\t\t\t<div class=\"elementor-element elementor-element-040596e sc_fly_static elementor-widget elementor-widget-spacer\" data-id=\"040596e\" data-element_type=\"widget\" data-e-type=\"widget\" data-widget_type=\"spacer.default\">\n\t\t\t\t\t\t\t<div class=\"elementor-spacer\">\n\t\t\t<div class=\"elementor-spacer-inner\"><\/div>\n\t\t<\/div>\n\t\t\t\t\t\t<\/div>\n\t\t\t\t<div class=\"elementor-element elementor-element-f853932 elementor-widget__width-initial elementor-widget-mobile__width-initial sc_fly_static elementor-widget elementor-widget-text-editor\" data-id=\"f853932\" data-element_type=\"widget\" data-e-type=\"widget\" data-widget_type=\"text-editor.default\">\n\t\t\t\t\t\t\t\t\tSi sents que \u00e9s el moment d\u2019iniciar un canvi, tens alguna pregunta, desitges informaci\u00f3 o vols contactar amb mi per coordinar una sessi\u00f3, no dubtis a escriure\u2019m.\t\t\t\t\t\t\t\t<\/div>\n\t\t\t\t<div class=\"elementor-element elementor-element-f061133 sc_fly_static elementor-widget elementor-widget-spacer\" data-id=\"f061133\" data-element_type=\"widget\" data-e-type=\"widget\" data-widget_type=\"spacer.default\">\n\t\t\t\t\t\t\t<div class=\"elementor-spacer\">\n\t\t\t<div class=\"elementor-spacer-inner\"><\/div>\n\t\t<\/div>\n\t\t\t\t\t\t<\/div>\n\t\t\t\t<div class=\"elementor-element elementor-element-4532ca9 sc_fly_static elementor-widget elementor-widget-trx_sc_contact_form_7\" data-id=\"4532ca9\" data-element_type=\"widget\" data-e-type=\"widget\" data-widget_type=\"trx_sc_contact_form_7.default\">\n\t\t\t\t<div class=\"elementor-widget-container\">\n\t\t\t\t\t\n<div class=\"wpcf7 no-js\" id=\"wpcf7-f68389-o1\" lang=\"ca\" dir=\"ltr\" data-wpcf7-id=\"68389\">\n<div class=\"screen-reader-response\"><p role=\"status\" aria-live=\"polite\" aria-atomic=\"true\"><\/p> <ul><\/ul><\/div>\n<form action=\"\/ca\/wp-json\/wp\/v2\/pages\/69060#wpcf7-f68389-o1\" method=\"post\" class=\"wpcf7-form init\" aria-label=\"Formulari de contacte\" novalidate=\"novalidate\" data-status=\"init\">\n<fieldset class=\"hidden-fields-container\"><input type=\"hidden\" name=\"_wpcf7\" value=\"68389\" \/><input type=\"hidden\" name=\"_wpcf7_version\" value=\"6.1.5\" \/><input type=\"hidden\" name=\"_wpcf7_locale\" value=\"ca\" \/><input type=\"hidden\" name=\"_wpcf7_unit_tag\" value=\"wpcf7-f68389-o1\" \/><input type=\"hidden\" name=\"_wpcf7_container_post\" value=\"0\" \/><input type=\"hidden\" name=\"_wpcf7_posted_data_hash\" value=\"\" \/>\n<\/fieldset>\n<div class=\"form-style-1\">\n\t<div class=\"columns_wrap\">\n\t\t<div class=\"column-1_2\">\n\t\t\t<p><span class=\"style-line\"><span class=\"wpcf7-form-control-wrap\" data-name=\"your-name\"><input size=\"40\" maxlength=\"400\" class=\"wpcf7-form-control wpcf7-text wpcf7-validates-as-required\" aria-required=\"true\" aria-invalid=\"false\" placeholder=\"Nom\" value=\"\" type=\"text\" name=\"your-name\" \/><\/span><\/span>\n\t\t\t<\/p>\n\t\t<\/div>\n\t\t<div class=\"column-1_2\">\n\t\t\t<p><span class=\"style-line\"><span class=\"wpcf7-form-control-wrap\" data-name=\"your-email\"><input size=\"40\" maxlength=\"400\" class=\"wpcf7-form-control wpcf7-email wpcf7-validates-as-required wpcf7-text wpcf7-validates-as-email\" aria-required=\"true\" aria-invalid=\"false\" placeholder=\"Email\" value=\"\" type=\"email\" name=\"your-email\" \/><\/span><\/span>\n\t\t\t<\/p>\n\t\t<\/div>\n\t<\/div>\n\t<div class=\"columns_wrap\">\n\t\t<div class=\"column-1_2\">\n\t\t\t<p><span class=\"style-line\"><span class=\"wpcf7-form-control-wrap\" data-name=\"phone\"><input size=\"40\" maxlength=\"400\" class=\"wpcf7-form-control wpcf7-tel wpcf7-validates-as-required wpcf7-text wpcf7-validates-as-tel\" aria-required=\"true\" aria-invalid=\"false\" placeholder=\"Tel\u00e8fon\" value=\"\" type=\"tel\" name=\"phone\" \/><\/span><\/span>\n\t\t\t<\/p>\n\t\t<\/div>\n\t\t<div class=\"column-1_2\">\n\t\t\t<p><span class=\"style-line\"><span class=\"wpcf7-form-control-wrap\" data-name=\"subject\"><input size=\"40\" maxlength=\"400\" class=\"wpcf7-form-control wpcf7-text wpcf7-validates-as-required\" aria-required=\"true\" aria-invalid=\"false\" placeholder=\"Assumpte\" value=\"\" type=\"text\" name=\"subject\" \/><\/span><\/span>\n\t\t\t<\/p>\n\t\t<\/div>\n\t<\/div>\n\t<div class=\"columns_wrap margin-bottom\">\n\t\t<div class=\"column-1_1\">\n\t\t\t<p><span class=\"style-line\"><span class=\"wpcf7-form-control-wrap\" data-name=\"your-message\"><textarea cols=\"40\" rows=\"10\" maxlength=\"2000\" class=\"wpcf7-form-control wpcf7-textarea wpcf7-validates-as-required\" aria-required=\"true\" aria-invalid=\"false\" placeholder=\"Necessites m\u00e9s informaci\u00f3? Escriu-me sense comprom\u00eds.\" name=\"your-message\"><\/textarea><\/span><\/span>\n\t\t\t<\/p>\n\t\t<\/div>\n\t<\/div>\n\t<p><span class=\"wpcf7-form-control-wrap\" data-name=\"acceptance\"><span class=\"wpcf7-form-control wpcf7-acceptance\"><span class=\"wpcf7-list-item\"><label><input type=\"checkbox\" name=\"acceptance\" value=\"1\" aria-invalid=\"false\" \/><span class=\"wpcf7-list-item-label\">Accepto les condicions de la <a href=\"https:\/\/www.alexandracpsicologa.com\/ca\/politica-de-privacitat\/\">Pol\u00edtica de Privacitat.<\/a><\/span><\/label><\/span><\/span><\/span><br \/>\n<input class=\"wpcf7-form-control wpcf7-submit has-spinner\" type=\"submit\" value=\"Enviar\" \/>\n\t<\/p>\n<\/div><div class=\"wpcf7-response-output\" aria-hidden=\"true\"><\/div>\n<\/form>\n<\/div>\n\t\t\t\t<\/div>\n\t\t\t\t<\/div>\n\t\t\t\t<div class=\"elementor-element elementor-element-a52a2fc sc_fly_static elementor-widget elementor-widget-spacer\" data-id=\"a52a2fc\" data-element_type=\"widget\" data-e-type=\"widget\" data-widget_type=\"spacer.default\">\n\t\t\t\t\t\t\t<div class=\"elementor-spacer\">\n\t\t\t<div class=\"elementor-spacer-inner\"><\/div>\n\t\t<\/div>\n\t\t\t\t\t\t<\/div>\n\t\t\t\t\t<\/div>\n\t\t<\/div>\n\t\t\t\t\t<\/div>\n\t\t<\/section>\n\t\t\t\t<section class=\"elementor-section elementor-top-section elementor-element elementor-element-caeb0b3 elementor-section-full_width scheme_dark elementor-section-height-default elementor-section-height-default sc_fly_static\" data-id=\"caeb0b3\" data-element_type=\"section\" data-e-type=\"section\" data-settings=\"{&quot;background_background&quot;:&quot;classic&quot;}\">\n\t\t\t\t\t\t<div class=\"elementor-container elementor-column-gap-no\">\n\t\t\t\t\t<div class=\"elementor-column elementor-col-100 elementor-top-column elementor-element elementor-element-e937eed sc_content_align_inherit sc_layouts_column_icons_position_left sc_fly_static\" data-id=\"e937eed\" data-element_type=\"column\" data-e-type=\"column\">\n\t\t\t<div class=\"elementor-widget-wrap elementor-element-populated\">\n\t\t\t\t\t\t<div class=\"elementor-element elementor-element-5208547 elementor-widget__width-initial elementor-absolute elementor-widget-tablet__width-initial sc_layouts_hide_on_tablet sc_layouts_hide_on_mobile sc_fly_static elementor-widget elementor-widget-image\" data-id=\"5208547\" data-element_type=\"widget\" data-e-type=\"widget\" data-settings=\"{&quot;_position&quot;:&quot;absolute&quot;}\" data-widget_type=\"image.default\">\n\t\t\t\t\t\t\t\t\t\t\t\t\t\t\t<img decoding=\"async\" src=\"https:\/\/www.alexandracpsicologa.com\/wp-content\/uploads\/elementor\/thumbs\/flor-alexandra-carol-4-rhp55w2vyu29lsgxaziiugam7us31yaui488wwcwgy.png\" title=\"Flor Alexandra Carol Oller Psic\u00f2loga\" alt=\"ContacteCreixement personal i benestar emocional amb Alexandra Carol Oller\" loading=\"lazy\">\t\t\t\t\t\t\t\t\t\t\t\t\t\t\t<\/div>\n\t\t\t\t<div class=\"elementor-element elementor-element-accca4b sc_fly_static elementor-widget elementor-widget-spacer\" data-id=\"accca4b\" data-element_type=\"widget\" data-e-type=\"widget\" data-widget_type=\"spacer.default\">\n\t\t\t\t\t\t\t<div class=\"elementor-spacer\">\n\t\t\t<div class=\"elementor-spacer-inner\"><\/div>\n\t\t<\/div>\n\t\t\t\t\t\t<\/div>\n\t\t\t\t<section data-animation-type=\"block\" class=\"elementor-section elementor-inner-section elementor-element elementor-element-1f764f8 elementor-section-content-middle elementor-section-boxed elementor-section-height-default elementor-section-height-default animation_type_block sc_fly_static elementor-invisible\" data-id=\"1f764f8\" data-element_type=\"section\" data-e-type=\"section\" data-settings=\"{&quot;animation&quot;:&quot;resurs-fadein&quot;}\">\n\t\t\t\t\t\t<div class=\"elementor-container elementor-column-gap-no\">\n\t\t\t\t\t<div class=\"elementor-column elementor-col-50 elementor-inner-column elementor-element elementor-element-d37ca6b sc-mobile_layouts_column_align_center sc_layouts_column sc_content_align_inherit sc_layouts_column_icons_position_left sc_fly_static\" data-id=\"d37ca6b\" data-element_type=\"column\" data-e-type=\"column\">\n\t\t\t<div class=\"elementor-widget-wrap elementor-element-populated\">\n\t\t\t\t\t\t<div class=\"elementor-element elementor-element-9b5c19e sc_fly_static elementor-widget elementor-widget-heading\" data-id=\"9b5c19e\" data-element_type=\"widget\" data-e-type=\"widget\" data-widget_type=\"heading.default\">\n\t\t\t\t\t<h3 class=\"elementor-heading-title elementor-size-default\">Fes el primer pas cap al teu benestar.<\/h3>\t\t\t\t<\/div>\n\t\t\t\t<div class=\"elementor-element elementor-element-3d590b3 sc_fly_static elementor-widget elementor-widget-spacer\" data-id=\"3d590b3\" data-element_type=\"widget\" data-e-type=\"widget\" data-widget_type=\"spacer.default\">\n\t\t\t\t\t\t\t<div class=\"elementor-spacer\">\n\t\t\t<div class=\"elementor-spacer-inner\"><\/div>\n\t\t<\/div>\n\t\t\t\t\t\t<\/div>\n\t\t\t\t<div data-animation-type=\"block\" class=\"elementor-element elementor-element-16004d1 elementor-widget__width-initial elementor-widget-mobile__width-initial sc_fly_static elementor-widget elementor-widget-heading\" data-id=\"16004d1\" data-element_type=\"widget\" data-e-type=\"widget\" data-settings=\"{&quot;_animation&quot;:&quot;none&quot;,&quot;_animation_mobile&quot;:&quot;none&quot;}\" data-widget_type=\"heading.default\">\n\t\t\t\t\t<p class=\"elementor-heading-title elementor-size-default\"><span style=\"vertical-align: inherit\">Si sents que \u00e9s el moment&nbsp;d\u2019iniciar un proc\u00e9s terap\u00e8utic, estar\u00e9&nbsp;encantada d\u2019acompanyar-te. La&nbsp;ter\u00e0pia \u00e9s un cam\u00ed d\u2019autoconeixement i&nbsp;creixement. <\/span><\/p>\t\t\t\t<\/div>\n\t\t\t\t\t<\/div>\n\t\t<\/div>\n\t\t\t\t<div class=\"elementor-column elementor-col-50 elementor-inner-column elementor-element elementor-element-859f8e5 sc_layouts_column_align_right sc_layouts_column sc-mobile_layouts_column_align_left sc_layouts_column sc_content_align_inherit sc_layouts_column_icons_position_left sc_fly_static\" data-id=\"859f8e5\" data-element_type=\"column\" data-e-type=\"column\">\n\t\t\t<div class=\"elementor-widget-wrap elementor-element-populated\">\n\t\t\t\t\t\t<div class=\"elementor-element elementor-element-d4761b4 elementor-align-right elementor-mobile-align-center sc_fly_static elementor-widget elementor-widget-button\" data-id=\"d4761b4\" data-element_type=\"widget\" data-e-type=\"widget\" data-widget_type=\"button.default\">\n\t\t\t\t\t\t\t\t\t\t<a class=\"elementor-button elementor-button-link elementor-size-sm\" href=\"https:\/\/www.doctoralia.es\/z\/GFBzDd\" target=\"_blank\" rel=\"noopener\">\n\t\t\t\t\t\t<span class=\"elementor-button-content-wrapper\">\n\t\t\t\t\t\t\t\t\t<span class=\"elementor-button-text\">Reserva la teva primera sessi\u00f3<\/span>\n\t\t\t\t\t<\/span>\n\t\t\t\t\t<\/a>\n\t\t\t\t\t\t\t\t<\/div>\n\t\t\t\t\t<\/div>\n\t\t<\/div>\n\t\t\t\t\t<\/div>\n\t\t<\/section>\n\t\t\t\t<div class=\"elementor-element elementor-element-d5c5df0 sc_fly_static elementor-widget elementor-widget-spacer\" data-id=\"d5c5df0\" data-element_type=\"widget\" data-e-type=\"widget\" data-widget_type=\"spacer.default\">\n\t\t\t\t\t\t\t<div class=\"elementor-spacer\">\n\t\t\t<div class=\"elementor-spacer-inner\"><\/div>\n\t\t<\/div>\n\t\t\t\t\t\t<\/div>\n\t\t\t\t\t<\/div>\n\t\t<\/div>\n\t\t\t\t\t<\/div>\n\t\t<\/section>\n\t\t\t\t<section class=\"elementor-section elementor-top-section elementor-element elementor-element-a86d07a elementor-section-full_width elementor-section-height-default elementor-section-height-default sc_fly_static\" data-id=\"a86d07a\" data-element_type=\"section\" data-e-type=\"section\">\n\t\t\t\t\t\t<div class=\"elementor-container elementor-column-gap-no\">\n\t\t\t\t\t<div class=\"elementor-column elementor-col-100 elementor-top-column elementor-element elementor-element-96511df sc_content_align_inherit sc_layouts_column_icons_position_left sc_fly_static\" data-id=\"96511df\" data-element_type=\"column\" data-e-type=\"column\">\n\t\t\t<div class=\"elementor-widget-wrap elementor-element-populated\">\n\t\t\t\t\t\t<div class=\"elementor-element elementor-element-75880a9 sc_fly_static elementor-widget elementor-widget-trx_sc_googlemap\" data-id=\"75880a9\" data-element_type=\"widget\" data-e-type=\"widget\" data-widget_type=\"trx_sc_googlemap.default\">\n\t\t\t\t<div class=\"elementor-widget-container\">\n\t\t\t\t\t<div id=\"sc_googlemap_63196791_wrap\" class=\"sc_googlemap_wrap\"><div id=\"sc_googlemap_63196791\"\t\t\tclass=\"sc_item_content sc_map sc_googlemap sc_googlemap_default trx_addons_inline_1554633751\"\n\t\t\t \t\t\tdata-zoom=\"16\"\n\t\t\tdata-center=\"\"\n\t\t\tdata-style=\"extra\"\n\t\t\tdata-map-id=\"\"\n\t\t\tdata-cluster-icon=\"\"\n\t\t\t><iframe\n\t\t\t\t\t\tsrc=\"https:\/\/maps.google.com\/maps?t=m&output=embed&iwloc=near&z=16&q=Av.+de+Rius+i+Taulet+29%2C+1-3.+Sant+Cugat+del+Vall%C3%A8s\"\n\t\t\t\t\t\taria-label=\"\"><\/iframe><\/div><\/div>\t\t\t\t<\/div>\n\t\t\t\t<\/div>\n\t\t\t\t\t<\/div>\n\t\t<\/div>\n\t\t\t\t\t<\/div>\n\t\t<\/section>\n\t\t\t\t<\/div>\n\t\t","protected":false},"excerpt":{"rendered":"<p>Ter\u00e0pia presencial i&nbsp;online Alexandra Carol Oller | Colegiada n\u00ba 26612 Si busques una psic\u00f2loga a Sant Cugat del Vall\u00e8s, et puc acompanyar en un proc\u00e9s terap\u00e8utic que t&#8217;ajudi a comprendre&hellip;<\/p>\n","protected":false},"author":1,"featured_media":0,"parent":0,"menu_order":0,"comment_status":"closed","ping_status":"closed","template":"","meta":{"_joinchat":[],"footnotes":""},"class_list":["post-69060","page","type-page","status-publish","hentry"],"_links":{"self":[{"href":"https:\/\/www.alexandracpsicologa.com\/ca\/wp-json\/wp\/v2\/pages\/69060","targetHints":{"allow":["GET"]}}],"collection":[{"href":"https:\/\/www.alexandracpsicologa.com\/ca\/wp-json\/wp\/v2\/pages"}],"about":[{"href":"https:\/\/www.alexandracpsicologa.com\/ca\/wp-json\/wp\/v2\/types\/page"}],"author":[{"embeddable":true,"href":"https:\/\/www.alexandracpsicologa.com\/ca\/wp-json\/wp\/v2\/users\/1"}],"replies":[{"embeddable":true,"href":"https:\/\/www.alexandracpsicologa.com\/ca\/wp-json\/wp\/v2\/comments?post=69060"}],"version-history":[{"count":36,"href":"https:\/\/www.alexandracpsicologa.com\/ca\/wp-json\/wp\/v2\/pages\/69060\/revisions"}],"predecessor-version":[{"id":72772,"href":"https:\/\/www.alexandracpsicologa.com\/ca\/wp-json\/wp\/v2\/pages\/69060\/revisions\/72772"}],"wp:attachment":[{"href":"https:\/\/www.alexandracpsicologa.com\/ca\/wp-json\/wp\/v2\/media?parent=69060"}],"curies":[{"name":"wp","href":"https:\/\/api.w.org\/{rel}","templated":true}]}}